{"version":"1.0","provider_name":"La Maison naturelle | Blog","provider_url":"https:\/\/www.la-maison-naturelle.com\/blog","author_name":"Eloise","author_url":"https:\/\/www.la-maison-naturelle.com\/blog\/author\/idries\/","title":"La toiture et l\u2019isolation \u00e9cologique - La Maison naturelle | Blog","type":"rich","width":600,"height":338,"html":"<blockquote class=\"wp-embedded-content\" data-secret=\"cROTcaDF5O\"><a href=\"https:\/\/www.la-maison-naturelle.com\/blog\/mie-la-toiture-et-lisolation-ecologique\/\">La toiture et l\u2019isolation \u00e9cologique<\/a><\/blockquote><iframe sandbox=\"allow-scripts\" security=\"restricted\" src=\"https:\/\/www.la-maison-naturelle.com\/blog\/mie-la-toiture-et-lisolation-ecologique\/embed\/#?secret=cROTcaDF5O\" width=\"600\" height=\"338\" title=\"\u00ab\u00a0La toiture et l\u2019isolation \u00e9cologique\u00a0\u00bb &#8212; La Maison naturelle | Blog\" data-secret=\"cROTcaDF5O\" frameborder=\"0\" marginwidth=\"0\" marginheight=\"0\" scrolling=\"no\" class=\"wp-embedded-content\"><\/iframe><script type=\"text\/javascript\">\n\/* <![CDATA[ *\/\n\/*! This file is auto-generated *\/\n!function(d,l){\"use strict\";l.querySelector&&d.addEventListener&&\"undefined\"!=typeof URL&&(d.wp=d.wp||{},d.wp.receiveEmbedMessage||(d.wp.receiveEmbedMessage=function(e){var t=e.data;if((t||t.secret||t.message||t.value)&&!\/[^a-zA-Z0-9]\/.test(t.secret)){for(var s,r,n,a=l.querySelectorAll('iframe[data-secret=\"'+t.secret+'\"]'),o=l.querySelectorAll('blockquote[data-secret=\"'+t.secret+'\"]'),c=new RegExp(\"^https?:$\",\"i\"),i=0;i<o.length;i++)o[i].style.display=\"none\";for(i=0;i<a.length;i++)s=a[i],e.source===s.contentWindow&&(s.removeAttribute(\"style\"),\"height\"===t.message?(1e3<(r=parseInt(t.value,10))?r=1e3:~~r<200&&(r=200),s.height=r):\"link\"===t.message&&(r=new URL(s.getAttribute(\"src\")),n=new URL(t.value),c.test(n.protocol))&&n.host===r.host&&l.activeElement===s&&(d.top.location.href=t.value))}},d.addEventListener(\"message\",d.wp.receiveEmbedMessage,!1),l.addEventListener(\"DOMContentLoaded\",function(){for(var e,t,s=l.querySelectorAll(\"iframe.wp-embedded-content\"),r=0;r<s.length;r++)(t=(e=s[r]).getAttribute(\"data-secret\"))||(t=Math.random().toString(36).substring(2,12),e.src+=\"#?secret=\"+t,e.setAttribute(\"data-secret\",t)),e.contentWindow.postMessage({message:\"ready\",secret:t},\"*\")},!1)))}(window,document);\n\/* ]]> *\/\n<\/script>\n","description":"Depuis peu, l\u2019isolation thermique des b\u00e2timents est une affaire d\u2019experts. Celle-ci est encore plus compliqu\u00e9e en r\u00e9novation o\u00f9 l\u2019on distingue plusieurs configurations sp\u00e9cifiques. Les recommandations et l\u2019inspection d\u2019un professionnel s\u2019av\u00e8rent dans la plupart des cas n\u00e9cessaires. Toutefois, il est possible de pr\u00e9senter bri\u00e8vement deux cas o\u00f9 les isolants \u00e9cologiques sont mis en \u0153uvre. L\u2019isolation des [&hellip;]"}